{"id":56,"date":"2016-03-25T14:58:43","date_gmt":"2016-03-25T13:58:43","guid":{"rendered":"http:\/\/ra-oul.eu\/?page_id=56"},"modified":"2023-08-09T15:48:47","modified_gmt":"2023-08-09T13:48:47","slug":"biografie","status":"publish","type":"page","link":"https:\/\/ra-oul.eu\/?page_id=56","title":{"rendered":"BIOGRAFIE"},"content":{"rendered":"<p><strong>\n<table id=\"tablepress-1\" class=\"tablepress tablepress-id-1\">\n<thead>\n<tr class=\"row-1 odd\">\n\t<th class=\"column-1\"><strong>1957<\/strong>geboren in Weidenau\/Siegen<br \/>\n<strong>seit 1974<\/strong> Malerei<br \/>\n<strong>seit 1978<\/strong> Mitglied im Berufsverband Bildender K\u00fcnstler Nby.\/OPf. Regensburg<br \/>\n<strong>1983<\/strong> Diplomabschluss des Studiums der Psychologie, Universit\u00e4t Regensburg<br \/>\n<strong>1986<\/strong> Julius-F.-Neum\u00fcller-Stipendium f\u00fcr Malerei der Stadt Regensburg<br \/>\n<strong>1987<\/strong> Staatlicher F\u00f6rderpreis f\u00fcr junge K\u00fcnstler des Bayerischen Staatsministeriums f\u00fcr Unterricht und Kultus, Wissenschaft und Forschung<br \/>\n<strong>1987-1995<\/strong> (Gr\u00fcndungs)Mitglied der Atelier- und K\u00fcnstlergemeinschaft \u201cKunstWerk\u201d, Regensburg<br \/>\n<strong>seit 1990<\/strong> Installationen, Interventionen und digitale Werke\/Auftr\u00e4ge aus Wirtschaft und Verwaltung<br \/>\n<strong>1995-2006<\/strong> (Gr\u00fcndungs)Mitglied der Gruppe \u201eGesellschaft f\u00fcr Untertagebau\u201c, mit Peter Nowotny<br \/>\n<strong>2014<\/strong> (Gr\u00fcndungs)Mitglied der Gruppe Paradoxa, mit Stefan Ebeling &amp; Peter Nowotny<br \/>\n<br \/>\n<strong>AUSSTELLUNGEN, PROJEKTE (Auswahl):<\/strong><\/th>\n<\/tr>\n<\/thead>\n<tbody>\n<tr class=\"row-2 even\">\n\t<td class=\"column-1\"><strong>1986<\/strong> Gruppenaktion \u201cKunst-Baustelle\u201c, Regensburg, veranstaltet vom BBK Nby.\/OPf. &amp; Galerie Quasar (unterst\u00fctzt vom Bonner Kunstfonds und der BMW AG)<\/td>\n<\/tr>\n<tr class=\"row-3 odd\">\n\t<td class=\"column-1\"><strong>1988<\/strong> Einzelausstellung B.A.T.-Galerie, Bayreuth; Gruppenausstellung im Kunst-Spektrum, Krefeld<\/td>\n<\/tr>\n<tr class=\"row-4 even\">\n\t<td class=\"column-1\"><strong>1989<\/strong> Gruppenausstellung \u201cKunst an der Grenze\u201d, Kunstverein Heringen<\/td>\n<\/tr>\n<tr class=\"row-5 odd\">\n\t<td class=\"column-1\"><strong>1990<\/strong> Gruppenausstellung \u201cVon der Figur zur Gestalt\u201d, St\u00e4dtische Galerie Regensburg,<\/td>\n<\/tr>\n<tr class=\"row-6 even\">\n\t<td class=\"column-1\"><strong>1991<\/strong> Zweierausstellung mit Wolfgang Grimm, St\u00e4dtische Galerie Regensburg <\/td>\n<\/tr>\n<tr class=\"row-7 odd\">\n\t<td class=\"column-1\"><strong>1992<\/strong> Gruppenausstellung \u201c5 Jahre KunstWerk\u201c, Regensburg<\/td>\n<\/tr>\n<tr class=\"row-8 even\">\n\t<td class=\"column-1\"><strong>1993<\/strong> Gruppenausstellung des \u201cKunst-Werks\u201c, Oberpf\u00e4lzer K\u00fcnstlerhaus Schwandorf und Stadtmuseum Waldkraiburg<\/td>\n<\/tr>\n<tr class=\"row-9 odd\">\n\t<td class=\"column-1\"><strong>1994<\/strong> Idee, Organisation und Durchf\u00fchrung der Veranstaltungsreihe \u201cFalschF\u00e4lscherF\u00e4lschung\u201d, mit Peter Nowotny, unter Beteiligung des LKA Stuttgart, der Stadt und der VHS Regensburg, der Galerie Licht\/Schatten, unterst\u00fctzt von der Sparkasse Regensburg<\/td>\n<\/tr>\n<tr class=\"row-10 even\">\n\t<td class=\"column-1\"><strong>1995<\/strong> Idee, Konzept und Einrichtung von MEMOPOLIS als elektronischer Erinnerungsspeicher im World Wide Web, mit Peter Nowotny \u2013 anl\u00e4sslich der \u201cInterface 3\u201d in Hamburg<\/td>\n<\/tr>\n<tr class=\"row-11 odd\">\n\t<td class=\"column-1\"><strong>1997<\/strong> Pr\u00e4sentation von MEMOPOLIS im Museum f\u00fcr Sepulkralkultur, Kassel<\/td>\n<\/tr>\n<tr class=\"row-12 even\">\n\t<td class=\"column-1\"><strong>2000<\/strong> Environment \u201cBergsee\u201d, Monte Kaolino, Hirschau, im Rahmen der vom Industrie- und Bergbaumuseum Ostbayerns ausgerichteten Gruppenaktion<\/td>\n<\/tr>\n<tr class=\"row-13 odd\">\n\t<td class=\"column-1\"><strong>2009<\/strong> Bild und Grafik f\u00fcr Domillumination \u201cLicht-Blick-Dom\u201d, Regensburg<\/td>\n<\/tr>\n<tr class=\"row-14 even\">\n\t<td class=\"column-1\"><strong>2012<\/strong> Environment \u201cAm Boden\u201c, Kirche \u201cMari\u00e4 Himmelfahrt\u201c, Kirchberg\/Karlstein (Veranstaltungsreihe \u201eDa-Sein in Kunst und Kirche\u201c des Di\u00f6zesanmuseums Regensburg)<\/td>\n<\/tr>\n<tr class=\"row-15 odd\">\n\t<td class=\"column-1\"><strong>2013<\/strong> Environment \u201cAm Boden\u201c, Kirche \u201cHerz Marien\u201c und \u201cSt. Andreas\u201c, Regensburg (Veranstaltungsreihe \u201eDa-Sein in Kunst und Kirche\u201c des Di\u00f6zesanmuseums Regensburg)<\/td>\n<\/tr>\n<tr class=\"row-16 even\">\n\t<td class=\"column-1\"><strong>2013<\/strong> Geotagging-Projekt \u201cSeelenfenster\u201c, Regensburg, Weblinks: <a href=\"https:\/\/www.flickr.com\/photos\/ra-ka\/albums\/72157635419906290\" target=\"_blank\" rel=\"noopener noreferrer\">[Seelenfenster 1]<\/a> &amp; <a href=\"https:\/\/www.flickr.com\/photos\/ra-ka\/albums\/72157635508055211\" target=\"_blank\" rel=\"noopener noreferrer\">[Seelenfenster 2]<\/a><\/td>\n<\/tr>\n<tr class=\"row-17 odd\">\n\t<td class=\"column-1\"><strong>2014<\/strong> Wettbewerb und Teilnahme: \u201cFaktor_K \u2013 Projekt Kunst im \u00f6ffentlichen Raum\u201c der Stadt  Regensburg<\/td>\n<\/tr>\n<tr class=\"row-18 even\">\n\t<td class=\"column-1\"><strong>2015<\/strong> Rauminstallation \u201cHochgebirge\u201c, Gruppenausstellung \u201cIch bin da. K\u00fcnstlerische Perspektiven zum Thema Flucht\u201c im ehem. Kloster St. Klara, veranstaltet von der Katholischen Jugendf\u00fcrsorge und der Stadt Regensburg<\/td>\n<\/tr>\n<tr class=\"row-19 odd\">\n\t<td class=\"column-1\"><strong>2015<\/strong> Objektinstallation \u201cDiesseits\u201c in St. Laurentius\/Neustadt a. d. Donau und in der Basilika St. Johannes Evangelist\/Waldsassen (Veranstaltungsreihe \u201eDa-Sein in Kunst und Kirche\u201c des Di\u00f6zesanmuseums Regensburg)<\/td>\n<\/tr>\n<tr class=\"row-20 even\">\n\t<td class=\"column-1\"><strong>2015<\/strong> Objektinstallation \u201cEwigkeit\u201c in der Universit\u00e4tskapelle Regensburg (Veranstaltungsreihe \u201eDa-Sein in Kunst und Kirche\u201c des Di\u00f6zesanmuseums Regensburg)<\/td>\n<\/tr>\n<tr class=\"row-21 odd\">\n\t<td class=\"column-1\"><strong>2015<\/strong> Rauminstallation \u201cSchlaf der Freiheit\u201c anl\u00e4sslich der 2. Regensburger Kunstmesse, mit der Gruppe Paradoxa (Ebeling-Kaufer-Nowotny)<\/td>\n<\/tr>\n<tr class=\"row-22 even\">\n\t<td class=\"column-1\"><strong>2016<\/strong> Objektinstallation\u201cDiesseits\u201c in St. Martin\/R\u00f6tz und in der ehem. Klosterkirche in Adlersberg (Veranstaltungsreihe \u201eDa-Sein in Kunst und Kirche\u201c des Di\u00f6zesanmuseums Regensburg)<\/td>\n<\/tr>\n<tr class=\"row-23 odd\">\n\t<td class=\"column-1\"><strong>2016<\/strong> Rauminstallation \u201cCODE\u201c anl\u00e4sslich der Ausstellung \"Heimat auf der Haut\/Tracht in der Oberpfalz\" im Historischen Museum Regenburg, mit der Gruppe Paradoxa (Ebeling-Kaufer-Nowotny)<\/td>\n<\/tr>\n<tr class=\"row-24 even\">\n\t<td class=\"column-1\"><strong>2017<\/strong> Bildobjekt \u201eBarmherzigkeit\u201c mit Grafik-Edition, Rodinger Stadtkirche<\/td>\n<\/tr>\n<tr class=\"row-25 odd\">\n\t<td class=\"column-1\"><strong>2017<\/strong> Gruppenausstellung \u201eAspekte 2017\/Surroundings\u201c, DEZ, Regensburg <\/td>\n<\/tr>\n<tr class=\"row-26 even\">\n\t<td class=\"column-1\"><strong>2017<\/strong> Einzelausstellung \u201eSerielle Arbeiten CORTEX &amp; FRAX\", Galerie ARTAFFAIR, Regensburg <\/td>\n<\/tr>\n<tr class=\"row-27 odd\">\n\t<td class=\"column-1\"><strong>2017<\/strong> Idee, Konzept und Einrichtung von ARTPERIUM als Parabel und Paraphrase des Kunstmarktes im World Wide Web, mit Peter Nowotny \u2013  Ausstellung ARTPERIUM im Museum Ulm<br \/>\nWeblinks: <a href=\"http:\/\/www.artperium.com\" target=\"_blank\" rel=\"noopener noreferrer\"><strong>www.artperium.com<\/strong><\/a> und <a href=\"http:\/\/www.facebook.com\/ARTPERIUM\" target=\"_blank\" rel=\"noopener noreferrer\"><strong>www.facebook.com\/ARTPERIUM<\/strong><\/a> <\/td>\n<\/tr>\n<tr class=\"row-28 even\">\n\t<td class=\"column-1\"><strong>2018<\/strong> Gruppenausstellung \u201eA bis Zett\u201c, Kunstverein Weiden, mit der Gruppe Paradoxa (Ebeling-Kaufer-Nowotny)<\/td>\n<\/tr>\n<tr class=\"row-29 odd\">\n\t<td class=\"column-1\"><strong>2018<\/strong> Gruppenausstellung \u201eNatur - Mensch\u201c, St. Andreasberg (Nationalpark Harz)<\/td>\n<\/tr>\n<tr class=\"row-30 even\">\n\t<td class=\"column-1\"><strong>2019<\/strong> Ausstellung ARTPERIUM auf der ART KARLSRUHE in der \"Sonderausstellung Druckgrafik\", gemeinsam mit Peter Nowotny, Karlsruhe<\/td>\n<\/tr>\n<tr class=\"row-31 odd\">\n\t<td class=\"column-1\"><strong>2019<\/strong> Ausstellung \u201epolygonal\", gemeinsam mit Peter Nowotny, Galerie ARTAFFAIR, Regensburg <\/td>\n<\/tr>\n<tr class=\"row-32 even\">\n\t<td class=\"column-1\"><strong>2020<\/strong> Kooperationsausstellung, gemeinsam mit Hanakam &amp; Schuller, St\u00e4dtischen Galerie \u201eCordonhaus\u201c (Cham) und Galerie im Traklhaus (Salzburg)<\/td>\n<\/tr>\n<tr class=\"row-33 odd\">\n\t<td class=\"column-1\"><strong>2021<\/strong> Projekt\/-Impulsf\u00f6rderung f\u00fcr das Konzept \u201e11+11\u201c durch die Stadt Regensburg, mit der Gruppe Paradoxa (Ebeling-Kaufer-Nowotny)<\/td>\n<\/tr>\n<tr class=\"row-34 even\">\n\t<td class=\"column-1\"><strong>2022<\/strong> Projekt\/-Einzelausstellung, Edition Dosenfisch, M\u00fcnchen<\/td>\n<\/tr>\n<\/tbody>\n<\/table>\n<!-- #tablepress-1 from cache --><\/strong><\/p>\n","protected":false},"excerpt":{"rendered":"","protected":false},"author":1,"featured_media":501,"parent":0,"menu_order":0,"comment_status":"closed","ping_status":"closed","template":"","meta":{"jetpack_post_was_ever_published":false,"footnotes":"","two_page_speed":{"previous_score":{"desktop_score":80,"desktop_tti":"1.7\u00a0","mobile_score":56.00000000000001,"mobile_tti":"9.6\u00a0","date":"09.08.2023 03:46:37 pm","status":"completed"},"current_score":{"desktop_score":94,"desktop_tti":"0.9\u00a0","mobile_score":69,"mobile_tti":"5.5\u00a0","date":"09.08.2023 03:48:48 pm","status":"completed"}}},"jetpack_sharing_enabled":true,"jetpack_shortlink":"https:\/\/wp.me\/P7nFgZ-U","jetpack-related-posts":[{"id":53,"url":"https:\/\/ra-oul.eu\/?page_id=53","url_meta":{"origin":56,"position":0},"title":"Impressum+Datenschutzerkl\u00e4rung","author":"Raoul Kaufer","date":"25. M\u00e4rz 2016","format":false,"excerpt":"Raoul Kaufer Richard-Wagner-Str. 6 93055\u00a0Regensburg Deutschland Fon: \u00a0 \u00a0 \u00a0+49 (0)941 2 82 81 Mobil: \u00a0 +49 (0)170 8658491 eMail: info@ra-oul.eu Verantwortlich f\u00fcr den Inhalt nach \u00a7 55 Abs. 2 RStV: Raoul Kaufer Copyright: Raoul Kaufer Haftung f\u00fcr Inhalte Als Diensteanbieter sind wir gem\u00e4\u00df \u00a7 7 Abs.1 TMG f\u00fcr eigene\u2026","rel":"","context":"\u00c4hnlicher Beitrag","block_context":{"text":"\u00c4hnlicher Beitrag","link":""},"img":{"alt_text":"","src":"","width":0,"height":0},"classes":[]}],"_links":{"self":[{"href":"https:\/\/ra-oul.eu\/index.php?rest_route=\/wp\/v2\/pages\/56"}],"collection":[{"href":"https:\/\/ra-oul.eu\/index.php?rest_route=\/wp\/v2\/pages"}],"about":[{"href":"https:\/\/ra-oul.eu\/index.php?rest_route=\/wp\/v2\/types\/page"}],"author":[{"embeddable":true,"href":"https:\/\/ra-oul.eu\/index.php?rest_route=\/wp\/v2\/users\/1"}],"replies":[{"embeddable":true,"href":"https:\/\/ra-oul.eu\/index.php?rest_route=%2Fwp%2Fv2%2Fcomments&post=56"}],"version-history":[{"count":4,"href":"https:\/\/ra-oul.eu\/index.php?rest_route=\/wp\/v2\/pages\/56\/revisions"}],"predecessor-version":[{"id":271,"href":"https:\/\/ra-oul.eu\/index.php?rest_route=\/wp\/v2\/pages\/56\/revisions\/271"}],"wp:featuredmedia":[{"embeddable":true,"href":"https:\/\/ra-oul.eu\/index.php?rest_route=\/wp\/v2\/media\/501"}],"wp:attachment":[{"href":"https:\/\/ra-oul.eu\/index.php?rest_route=%2Fwp%2Fv2%2Fmedia&parent=56"}],"curies":[{"name":"wp","href":"https:\/\/api.w.org\/{rel}","templated":true}]}}