{"id":193,"date":"2016-03-26T10:16:14","date_gmt":"2016-03-26T09:16:14","guid":{"rendered":"http:\/\/ra-oul.eu\/?page_id=193"},"modified":"2024-02-05T16:00:14","modified_gmt":"2024-02-05T15:00:14","slug":"schautafeln","status":"publish","type":"page","link":"https:\/\/ra-oul.eu\/?page_id=193","title":{"rendered":"Schautafeln"},"content":{"rendered":"<p>&nbsp;<\/p>\n<div class=\"tiled-gallery type-rectangular tiled-gallery-unresized\" data-original-width=\"1170\" data-carousel-extra='{&quot;blog_id&quot;:1,&quot;permalink&quot;:&quot;https:\\\/\\\/ra-oul.eu\\\/?page_id=193&quot;,&quot;likes_blog_id&quot;:109074553}' itemscope itemtype=\"http:\/\/schema.org\/ImageGallery\" > <div class=\"gallery-row\" style=\"width: 1170px; height: 540px;\" data-original-width=\"1170\" data-original-height=\"540\" > <div class=\"gallery-group images-1\" style=\"width: 769px; height: 540px;\" data-original-width=\"769\" data-original-height=\"540\" > <div class=\"tiled-gallery-item tiled-gallery-item-large\" itemprop=\"associatedMedia\" itemscope itemtype=\"http:\/\/schema.org\/ImageObject\"> <a href=\"https:\/\/ra-oul.eu\/?attachment_id=62\" border=\"0\" itemprop=\"url\"> <meta itemprop=\"width\" content=\"765\"> <meta itemprop=\"height\" content=\"536\"> <img decoding=\"async\" class=\"\" data-attachment-id=\"62\" data-orig-file=\"https:\/\/ra-oul.eu\/wp-content\/uploads\/2016\/03\/01_Die-Malerei.jpg\" data-orig-size=\"1700,1191\" data-comments-opened=\"1\" data-image-meta=\"{&quot;aperture&quot;:&quot;0&quot;,&quot;credit&quot;:&quot;&quot;,&quot;camera&quot;:&quot;&quot;,&quot;caption&quot;:&quot;&quot;,&quot;created_timestamp&quot;:&quot;0&quot;,&quot;copyright&quot;:&quot;&quot;,&quot;focal_length&quot;:&quot;0&quot;,&quot;iso&quot;:&quot;0&quot;,&quot;shutter_speed&quot;:&quot;0&quot;,&quot;title&quot;:&quot;&quot;,&quot;orientation&quot;:&quot;1&quot;}\" data-image-title=\"01_Die Malerei\" data-image-description=\"&lt;p&gt;Hautleim, Dispersion, Klar-\/Spr\u00fchlack, \u00d6lfarbe auf Nessel \u2013 105 x 150 cm&lt;\/p&gt; \" data-medium-file=\"https:\/\/ra-oul.eu\/wp-content\/uploads\/2016\/03\/01_Die-Malerei-300x210.jpg\" data-large-file=\"https:\/\/ra-oul.eu\/wp-content\/uploads\/2016\/03\/01_Die-Malerei-1700x1191.jpg\" src=\"https:\/\/i0.wp.com\/ra-oul.eu\/wp-content\/uploads\/2016\/03\/01_Die-Malerei.jpg?w=765&#038;h=536&#038;ssl=1\" srcset=\"https:\/\/ra-oul.eu\/wp-content\/uploads\/2016\/03\/01_Die-Malerei.jpg 1700w, https:\/\/ra-oul.eu\/wp-content\/uploads\/2016\/03\/01_Die-Malerei-300x210.jpg 300w\" width=\"765\" height=\"536\" loading=\"lazy\" data-original-width=\"765\" data-original-height=\"536\" itemprop=\"http:\/\/schema.org\/image\" title=\"01_Die Malerei\" alt=\"Titel: Die Malerei (aus der Serie &quot;Schautafeln&quot;)\" style=\"width: 765px; height: 536px;\" \/> <\/a> <div class=\"tiled-gallery-caption\" itemprop=\"caption description\"> Die Malerei (aus der Serie &#8222;Schautafeln&#8220;) <\/div> <\/div> <\/div> <!-- close group --> <div class=\"gallery-group images-2\" style=\"width: 401px; height: 540px;\" data-original-width=\"401\" data-original-height=\"540\" > <div class=\"tiled-gallery-item tiled-gallery-item-large\" itemprop=\"associatedMedia\" itemscope itemtype=\"http:\/\/schema.org\/ImageObject\"> <a href=\"https:\/\/ra-oul.eu\/?attachment_id=63\" border=\"0\" itemprop=\"url\"> <meta itemprop=\"width\" content=\"397\"> <meta itemprop=\"height\" content=\"267\"> <img decoding=\"async\" class=\"\" data-attachment-id=\"63\" data-orig-file=\"https:\/\/ra-oul.eu\/wp-content\/uploads\/2016\/03\/02_Die-Flora.jpg\" data-orig-size=\"1700,1146\" data-comments-opened=\"1\" data-image-meta=\"{&quot;aperture&quot;:&quot;0&quot;,&quot;credit&quot;:&quot;&quot;,&quot;camera&quot;:&quot;&quot;,&quot;caption&quot;:&quot;&quot;,&quot;created_timestamp&quot;:&quot;0&quot;,&quot;copyright&quot;:&quot;&quot;,&quot;focal_length&quot;:&quot;0&quot;,&quot;iso&quot;:&quot;0&quot;,&quot;shutter_speed&quot;:&quot;0&quot;,&quot;title&quot;:&quot;&quot;,&quot;orientation&quot;:&quot;1&quot;}\" data-image-title=\"02_Die Flora\" data-image-description=\"&lt;p&gt;Hautleim, Kasein, Graphit, Pigment, Harz\u00f6l auf Nessel \u2013 115 x 173 cm&lt;\/p&gt; \" data-medium-file=\"https:\/\/ra-oul.eu\/wp-content\/uploads\/2016\/03\/02_Die-Flora-300x202.jpg\" data-large-file=\"https:\/\/ra-oul.eu\/wp-content\/uploads\/2016\/03\/02_Die-Flora-1700x1146.jpg\" src=\"https:\/\/i0.wp.com\/ra-oul.eu\/wp-content\/uploads\/2016\/03\/02_Die-Flora.jpg?w=397&#038;h=267&#038;ssl=1\" srcset=\"https:\/\/ra-oul.eu\/wp-content\/uploads\/2016\/03\/02_Die-Flora.jpg 1700w, https:\/\/ra-oul.eu\/wp-content\/uploads\/2016\/03\/02_Die-Flora-300x202.jpg 300w\" width=\"397\" height=\"267\" loading=\"lazy\" data-original-width=\"397\" data-original-height=\"267\" itemprop=\"http:\/\/schema.org\/image\" title=\"02_Die Flora\" alt=\"Titel: Die Flora (aus der Serie &quot;Schautafeln)\" style=\"width: 397px; height: 267px;\" \/> <\/a> <div class=\"tiled-gallery-caption\" itemprop=\"caption description\"> Die Flora (aus der Serie &#8222;Schautafeln) <\/div> <\/div> <div class=\"tiled-gallery-item tiled-gallery-item-large\" itemprop=\"associatedMedia\" itemscope itemtype=\"http:\/\/schema.org\/ImageObject\"> <a href=\"https:\/\/ra-oul.eu\/?attachment_id=64\" border=\"0\" itemprop=\"url\"> <meta itemprop=\"width\" content=\"397\"> <meta itemprop=\"height\" content=\"265\"> <img decoding=\"async\" class=\"\" data-attachment-id=\"64\" data-orig-file=\"https:\/\/ra-oul.eu\/wp-content\/uploads\/2016\/03\/03_Die-Fauna.jpg\" data-orig-size=\"1700,1136\" data-comments-opened=\"1\" data-image-meta=\"{&quot;aperture&quot;:&quot;0&quot;,&quot;credit&quot;:&quot;&quot;,&quot;camera&quot;:&quot;&quot;,&quot;caption&quot;:&quot;&quot;,&quot;created_timestamp&quot;:&quot;0&quot;,&quot;copyright&quot;:&quot;&quot;,&quot;focal_length&quot;:&quot;0&quot;,&quot;iso&quot;:&quot;0&quot;,&quot;shutter_speed&quot;:&quot;0&quot;,&quot;title&quot;:&quot;&quot;,&quot;orientation&quot;:&quot;1&quot;}\" data-image-title=\"03_Die Fauna\" data-image-description=\"&lt;p&gt;Hautleim, Kasein, Papier, Graphit, Klar-\/Spr\u00fchlack, \u00d6lfarbe auf Nessel \u2013 115 x 173 cm&lt;\/p&gt; \" data-medium-file=\"https:\/\/ra-oul.eu\/wp-content\/uploads\/2016\/03\/03_Die-Fauna-300x200.jpg\" data-large-file=\"https:\/\/ra-oul.eu\/wp-content\/uploads\/2016\/03\/03_Die-Fauna-1700x1136.jpg\" src=\"https:\/\/i0.wp.com\/ra-oul.eu\/wp-content\/uploads\/2016\/03\/03_Die-Fauna.jpg?w=397&#038;h=265&#038;ssl=1\" srcset=\"https:\/\/ra-oul.eu\/wp-content\/uploads\/2016\/03\/03_Die-Fauna.jpg 1700w, https:\/\/ra-oul.eu\/wp-content\/uploads\/2016\/03\/03_Die-Fauna-300x200.jpg 300w\" width=\"397\" height=\"265\" loading=\"lazy\" data-original-width=\"397\" data-original-height=\"265\" itemprop=\"http:\/\/schema.org\/image\" title=\"03_Die Fauna\" alt=\"Titel: Die Fauna (aus der Serie &quot;Schautafeln&quot;)\" style=\"width: 397px; height: 265px;\" \/> <\/a> <div class=\"tiled-gallery-caption\" itemprop=\"caption description\"> Die Fauna (aus der Serie &#8222;Schautafeln&#8220;) <\/div> <\/div> <\/div> <!-- close group --> <\/div> <!-- close row --> <div class=\"gallery-row\" style=\"width: 1170px; height: 312px;\" data-original-width=\"1170\" data-original-height=\"312\" > <div class=\"gallery-group images-1\" style=\"width: 323px; height: 312px;\" data-original-width=\"323\" data-original-height=\"312\" > <div class=\"tiled-gallery-item tiled-gallery-item-large\" itemprop=\"associatedMedia\" itemscope itemtype=\"http:\/\/schema.org\/ImageObject\"> <a href=\"https:\/\/ra-oul.eu\/?attachment_id=65\" border=\"0\" itemprop=\"url\"> <meta itemprop=\"width\" content=\"319\"> <meta itemprop=\"height\" content=\"308\"> <img decoding=\"async\" class=\"\" data-attachment-id=\"65\" data-orig-file=\"https:\/\/ra-oul.eu\/wp-content\/uploads\/2016\/03\/04_Die-Philosophie.jpg\" data-orig-size=\"1700,1639\" data-comments-opened=\"1\" data-image-meta=\"{&quot;aperture&quot;:&quot;0&quot;,&quot;credit&quot;:&quot;&quot;,&quot;camera&quot;:&quot;&quot;,&quot;caption&quot;:&quot;&quot;,&quot;created_timestamp&quot;:&quot;0&quot;,&quot;copyright&quot;:&quot;&quot;,&quot;focal_length&quot;:&quot;0&quot;,&quot;iso&quot;:&quot;0&quot;,&quot;shutter_speed&quot;:&quot;0&quot;,&quot;title&quot;:&quot;&quot;,&quot;orientation&quot;:&quot;1&quot;}\" data-image-title=\"04_Die Philosophie\" data-image-description=\"&lt;p&gt;Hautleim, Kasein, Papier, Graphit, Pigment, Klar-\/Spr\u00fchlack auf Nessel \u2013 135 x 145 cm&lt;\/p&gt; \" data-medium-file=\"https:\/\/ra-oul.eu\/wp-content\/uploads\/2016\/03\/04_Die-Philosophie-300x289.jpg\" data-large-file=\"https:\/\/ra-oul.eu\/wp-content\/uploads\/2016\/03\/04_Die-Philosophie-1700x1639.jpg\" src=\"https:\/\/i0.wp.com\/ra-oul.eu\/wp-content\/uploads\/2016\/03\/04_Die-Philosophie.jpg?w=319&#038;h=308&#038;ssl=1\" srcset=\"https:\/\/ra-oul.eu\/wp-content\/uploads\/2016\/03\/04_Die-Philosophie.jpg 1700w, https:\/\/ra-oul.eu\/wp-content\/uploads\/2016\/03\/04_Die-Philosophie-300x289.jpg 300w\" width=\"319\" height=\"308\" loading=\"lazy\" data-original-width=\"319\" data-original-height=\"308\" itemprop=\"http:\/\/schema.org\/image\" title=\"04_Die Philosophie\" alt=\"Titel: Die Philosophie (aus der Serie &quot;Schautafeln&quot;)\" style=\"width: 319px; height: 308px;\" \/> <\/a> <div class=\"tiled-gallery-caption\" itemprop=\"caption description\"> Die Philosophie (aus der Serie &#8222;Schautafeln&#8220;) <\/div> <\/div> <\/div> <!-- close group --> <div class=\"gallery-group images-1\" style=\"width: 425px; height: 312px;\" data-original-width=\"425\" data-original-height=\"312\" > <div class=\"tiled-gallery-item tiled-gallery-item-large\" itemprop=\"associatedMedia\" itemscope itemtype=\"http:\/\/schema.org\/ImageObject\"> <a href=\"https:\/\/ra-oul.eu\/?attachment_id=66\" border=\"0\" itemprop=\"url\"> <meta itemprop=\"width\" content=\"421\"> <meta itemprop=\"height\" content=\"308\"> <img decoding=\"async\" class=\"\" data-attachment-id=\"66\" data-orig-file=\"https:\/\/ra-oul.eu\/wp-content\/uploads\/2016\/03\/05_Die-M\u00f6glichkeit.jpg\" data-orig-size=\"1700,1242\" data-comments-opened=\"1\" data-image-meta=\"{&quot;aperture&quot;:&quot;0&quot;,&quot;credit&quot;:&quot;&quot;,&quot;camera&quot;:&quot;&quot;,&quot;caption&quot;:&quot;&quot;,&quot;created_timestamp&quot;:&quot;0&quot;,&quot;copyright&quot;:&quot;&quot;,&quot;focal_length&quot;:&quot;0&quot;,&quot;iso&quot;:&quot;0&quot;,&quot;shutter_speed&quot;:&quot;0&quot;,&quot;title&quot;:&quot;&quot;,&quot;orientation&quot;:&quot;1&quot;}\" data-image-title=\"05_Die M\u00f6glichkeit\" data-image-description=\"&lt;p&gt;Kasein, Pigment, Harz\u00f6l auf Holz, Messingschild \u2013 109,5 x 137,5 cm&lt;\/p&gt; \" data-medium-file=\"https:\/\/ra-oul.eu\/wp-content\/uploads\/2016\/03\/05_Die-M\u00f6glichkeit-300x219.jpg\" data-large-file=\"https:\/\/ra-oul.eu\/wp-content\/uploads\/2016\/03\/05_Die-M\u00f6glichkeit-1700x1242.jpg\" src=\"https:\/\/i0.wp.com\/ra-oul.eu\/wp-content\/uploads\/2016\/03\/05_Die-M\u00f6glichkeit.jpg?w=421&#038;h=308&#038;ssl=1\" srcset=\"https:\/\/ra-oul.eu\/wp-content\/uploads\/2016\/03\/05_Die-M\u00f6glichkeit.jpg 1700w, https:\/\/ra-oul.eu\/wp-content\/uploads\/2016\/03\/05_Die-M\u00f6glichkeit-300x219.jpg 300w\" width=\"421\" height=\"308\" loading=\"lazy\" data-original-width=\"421\" data-original-height=\"308\" itemprop=\"http:\/\/schema.org\/image\" title=\"05_Die M\u00f6glichkeit\" alt=\"Titel: Die M\u00f6glichkeit (aus der Serie &quot;Schautafeln&quot;)\" style=\"width: 421px; height: 308px;\" \/> <\/a> <div class=\"tiled-gallery-caption\" itemprop=\"caption description\"> Die M\u00f6glichkeit (aus der Serie &#8222;Schautafeln&#8220;) <\/div> <\/div> <\/div> <!-- close group --> <div class=\"gallery-group images-1\" style=\"width: 422px; height: 312px;\" data-original-width=\"422\" data-original-height=\"312\" > <div class=\"tiled-gallery-item tiled-gallery-item-large\" itemprop=\"associatedMedia\" itemscope itemtype=\"http:\/\/schema.org\/ImageObject\"> <a href=\"https:\/\/ra-oul.eu\/?attachment_id=67\" border=\"0\" itemprop=\"url\"> <meta itemprop=\"width\" content=\"418\"> <meta itemprop=\"height\" content=\"308\"> <img decoding=\"async\" class=\"\" data-attachment-id=\"67\" data-orig-file=\"https:\/\/ra-oul.eu\/wp-content\/uploads\/2016\/03\/06_Die-Avantgarde.jpg\" data-orig-size=\"1700,1252\" data-comments-opened=\"1\" data-image-meta=\"{&quot;aperture&quot;:&quot;0&quot;,&quot;credit&quot;:&quot;&quot;,&quot;camera&quot;:&quot;&quot;,&quot;caption&quot;:&quot;&quot;,&quot;created_timestamp&quot;:&quot;0&quot;,&quot;copyright&quot;:&quot;&quot;,&quot;focal_length&quot;:&quot;0&quot;,&quot;iso&quot;:&quot;0&quot;,&quot;shutter_speed&quot;:&quot;0&quot;,&quot;title&quot;:&quot;&quot;,&quot;orientation&quot;:&quot;1&quot;}\" data-image-title=\"06_Die Avantgarde\" data-image-description=\"&lt;p&gt;Hautleim, Kasein, Graphit, Pigment, Harz\u00f6l auf Nessel \u2013 125 x 170 cm&lt;\/p&gt; \" data-medium-file=\"https:\/\/ra-oul.eu\/wp-content\/uploads\/2016\/03\/06_Die-Avantgarde-300x221.jpg\" data-large-file=\"https:\/\/ra-oul.eu\/wp-content\/uploads\/2016\/03\/06_Die-Avantgarde-1700x1252.jpg\" src=\"https:\/\/i0.wp.com\/ra-oul.eu\/wp-content\/uploads\/2016\/03\/06_Die-Avantgarde.jpg?w=418&#038;h=308&#038;ssl=1\" srcset=\"https:\/\/ra-oul.eu\/wp-content\/uploads\/2016\/03\/06_Die-Avantgarde.jpg 1700w, https:\/\/ra-oul.eu\/wp-content\/uploads\/2016\/03\/06_Die-Avantgarde-300x221.jpg 300w\" width=\"418\" height=\"308\" loading=\"lazy\" data-original-width=\"418\" data-original-height=\"308\" itemprop=\"http:\/\/schema.org\/image\" title=\"06_Die Avantgarde\" alt=\"Titel: Die Avantgarde (aus der Serie &quot;Schautafeln&quot;)\" style=\"width: 418px; height: 308px;\" \/> <\/a> <div class=\"tiled-gallery-caption\" itemprop=\"caption description\"> Die Avantgarde (aus der Serie &#8222;Schautafeln&#8220;) <\/div> <\/div> <\/div> <!-- close group --> <\/div> <!-- close row --> <div class=\"gallery-row\" style=\"width: 1170px; height: 475px;\" data-original-width=\"1170\" data-original-height=\"475\" > <div class=\"gallery-group images-1\" style=\"width: 822px; height: 475px;\" data-original-width=\"822\" data-original-height=\"475\" > <div class=\"tiled-gallery-item tiled-gallery-item-large\" itemprop=\"associatedMedia\" itemscope itemtype=\"http:\/\/schema.org\/ImageObject\"> <a href=\"https:\/\/ra-oul.eu\/?attachment_id=68\" border=\"0\" itemprop=\"url\"> <meta itemprop=\"width\" content=\"818\"> <meta itemprop=\"height\" content=\"471\"> <img decoding=\"async\" class=\"\" data-attachment-id=\"68\" data-orig-file=\"https:\/\/ra-oul.eu\/wp-content\/uploads\/2016\/03\/07_Das-Stillleben.jpg\" data-orig-size=\"1700,978\" data-comments-opened=\"1\" data-image-meta=\"{&quot;aperture&quot;:&quot;0&quot;,&quot;credit&quot;:&quot;&quot;,&quot;camera&quot;:&quot;&quot;,&quot;caption&quot;:&quot;&quot;,&quot;created_timestamp&quot;:&quot;0&quot;,&quot;copyright&quot;:&quot;&quot;,&quot;focal_length&quot;:&quot;0&quot;,&quot;iso&quot;:&quot;0&quot;,&quot;shutter_speed&quot;:&quot;0&quot;,&quot;title&quot;:&quot;&quot;,&quot;orientation&quot;:&quot;1&quot;}\" data-image-title=\"07_Das Stillleben\" data-image-description=\"&lt;p&gt;Kasein, Acryl-\/Klar-\/Spr\u00fch-\/Kunstharzlack, Pigment, Alkydharz, Harz\u00f6l auf Holz (teilweise furniert) \u2013 113 x 198 cm (5-teilig)&lt;\/p&gt; \" data-medium-file=\"https:\/\/ra-oul.eu\/wp-content\/uploads\/2016\/03\/07_Das-Stillleben-300x173.jpg\" data-large-file=\"https:\/\/ra-oul.eu\/wp-content\/uploads\/2016\/03\/07_Das-Stillleben-1700x978.jpg\" src=\"https:\/\/i0.wp.com\/ra-oul.eu\/wp-content\/uploads\/2016\/03\/07_Das-Stillleben.jpg?w=818&#038;h=471&#038;ssl=1\" srcset=\"https:\/\/ra-oul.eu\/wp-content\/uploads\/2016\/03\/07_Das-Stillleben.jpg 1700w, https:\/\/ra-oul.eu\/wp-content\/uploads\/2016\/03\/07_Das-Stillleben-300x173.jpg 300w\" width=\"818\" height=\"471\" loading=\"lazy\" data-original-width=\"818\" data-original-height=\"471\" itemprop=\"http:\/\/schema.org\/image\" title=\"07_Das Stillleben\" alt=\"Titel: Das Stillleben (aus der Serie &quot;Schautafeln&quot;)\" style=\"width: 818px; height: 471px;\" \/> <\/a> <div class=\"tiled-gallery-caption\" itemprop=\"caption description\"> Das Stillleben (aus der Serie &#8222;Schautafeln&#8220;) <\/div> <\/div> <\/div> <!-- close group --> <div class=\"gallery-group images-1\" style=\"width: 348px; height: 475px;\" data-original-width=\"348\" data-original-height=\"475\" > <div class=\"tiled-gallery-item tiled-gallery-item-large\" itemprop=\"associatedMedia\" itemscope itemtype=\"http:\/\/schema.org\/ImageObject\"> <a href=\"https:\/\/ra-oul.eu\/?attachment_id=69\" border=\"0\" itemprop=\"url\"> <meta itemprop=\"width\" content=\"344\"> <meta itemprop=\"height\" content=\"471\"> <img decoding=\"async\" class=\"\" data-attachment-id=\"69\" data-orig-file=\"https:\/\/ra-oul.eu\/wp-content\/uploads\/2016\/03\/08_Das-Wunder.jpg\" data-orig-size=\"1241,1700\" data-comments-opened=\"1\" data-image-meta=\"{&quot;aperture&quot;:&quot;0&quot;,&quot;credit&quot;:&quot;&quot;,&quot;camera&quot;:&quot;&quot;,&quot;caption&quot;:&quot;&quot;,&quot;created_timestamp&quot;:&quot;0&quot;,&quot;copyright&quot;:&quot;&quot;,&quot;focal_length&quot;:&quot;0&quot;,&quot;iso&quot;:&quot;0&quot;,&quot;shutter_speed&quot;:&quot;0&quot;,&quot;title&quot;:&quot;&quot;,&quot;orientation&quot;:&quot;1&quot;}\" data-image-title=\"08_Das Wunder\" data-image-description=\"&lt;p&gt;Hautleim, Kasein, Pigment, Harz\u00f6l auf Nessel \u2013 190 x 140 cm&lt;\/p&gt; \" data-medium-file=\"https:\/\/ra-oul.eu\/wp-content\/uploads\/2016\/03\/08_Das-Wunder-219x300.jpg\" data-large-file=\"https:\/\/ra-oul.eu\/wp-content\/uploads\/2016\/03\/08_Das-Wunder-1241x1700.jpg\" src=\"https:\/\/i0.wp.com\/ra-oul.eu\/wp-content\/uploads\/2016\/03\/08_Das-Wunder.jpg?w=344&#038;h=471&#038;ssl=1\" srcset=\"https:\/\/ra-oul.eu\/wp-content\/uploads\/2016\/03\/08_Das-Wunder.jpg 1241w, https:\/\/ra-oul.eu\/wp-content\/uploads\/2016\/03\/08_Das-Wunder-219x300.jpg 219w\" width=\"344\" height=\"471\" loading=\"lazy\" data-original-width=\"344\" data-original-height=\"471\" itemprop=\"http:\/\/schema.org\/image\" title=\"08_Das Wunder\" alt=\"Titel: Das Wunder (aus der Serie &quot;Schautafeln&quot;)\" style=\"width: 344px; height: 471px;\" \/> <\/a> <div class=\"tiled-gallery-caption\" itemprop=\"caption description\"> Das Wunder (aus der Serie &#8222;Schautafeln&#8220;) <\/div> <\/div> <\/div> <!-- close group --> <\/div> <!-- close row --> <div class=\"gallery-row\" style=\"width: 1170px; height: 723px;\" data-original-width=\"1170\" data-original-height=\"723\" > <div class=\"gallery-group images-1\" style=\"width: 552px; height: 723px;\" data-original-width=\"552\" data-original-height=\"723\" > <div class=\"tiled-gallery-item tiled-gallery-item-large\" itemprop=\"associatedMedia\" itemscope itemtype=\"http:\/\/schema.org\/ImageObject\"> <a href=\"https:\/\/ra-oul.eu\/?attachment_id=70\" border=\"0\" itemprop=\"url\"> <meta itemprop=\"width\" content=\"548\"> <meta itemprop=\"height\" content=\"719\"> <img decoding=\"async\" class=\"\" data-attachment-id=\"70\" data-orig-file=\"https:\/\/ra-oul.eu\/wp-content\/uploads\/2016\/03\/09_Die-Gesellschaft.jpg\" data-orig-size=\"1295,1700\" data-comments-opened=\"1\" data-image-meta=\"{&quot;aperture&quot;:&quot;0&quot;,&quot;credit&quot;:&quot;&quot;,&quot;camera&quot;:&quot;&quot;,&quot;caption&quot;:&quot;&quot;,&quot;created_timestamp&quot;:&quot;0&quot;,&quot;copyright&quot;:&quot;&quot;,&quot;focal_length&quot;:&quot;0&quot;,&quot;iso&quot;:&quot;0&quot;,&quot;shutter_speed&quot;:&quot;0&quot;,&quot;title&quot;:&quot;&quot;,&quot;orientation&quot;:&quot;1&quot;}\" data-image-title=\"09_Die Gesellschaft\" data-image-description=\"&lt;p&gt;Hautleim, Papier, Pigment, Acrylklar-\/Acrylspr\u00fchlack, Alkydharz auf Nessel \u2013 145 x 110 cm&lt;\/p&gt; \" data-medium-file=\"https:\/\/ra-oul.eu\/wp-content\/uploads\/2016\/03\/09_Die-Gesellschaft-229x300.jpg\" data-large-file=\"https:\/\/ra-oul.eu\/wp-content\/uploads\/2016\/03\/09_Die-Gesellschaft-1295x1700.jpg\" src=\"https:\/\/i0.wp.com\/ra-oul.eu\/wp-content\/uploads\/2016\/03\/09_Die-Gesellschaft.jpg?w=548&#038;h=719&#038;ssl=1\" srcset=\"https:\/\/ra-oul.eu\/wp-content\/uploads\/2016\/03\/09_Die-Gesellschaft.jpg 1295w, https:\/\/ra-oul.eu\/wp-content\/uploads\/2016\/03\/09_Die-Gesellschaft-229x300.jpg 229w\" width=\"548\" height=\"719\" loading=\"lazy\" data-original-width=\"548\" data-original-height=\"719\" itemprop=\"http:\/\/schema.org\/image\" title=\"09_Die Gesellschaft\" alt=\"Titel: Die Gesellschaft (aus der Serie &quot;Schautafeln&quot;)\" style=\"width: 548px; height: 719px;\" \/> <\/a> <div class=\"tiled-gallery-caption\" itemprop=\"caption description\"> Die Gesellschaft (aus der Serie &#8222;Schautafeln&#8220;) <\/div> <\/div> <\/div> <!-- close group --> <div class=\"gallery-group images-1\" style=\"width: 618px; height: 723px;\" data-original-width=\"618\" data-original-height=\"723\" > <div class=\"tiled-gallery-item tiled-gallery-item-large\" itemprop=\"associatedMedia\" itemscope itemtype=\"http:\/\/schema.org\/ImageObject\"> <a href=\"https:\/\/ra-oul.eu\/?attachment_id=71\" border=\"0\" itemprop=\"url\"> <meta itemprop=\"width\" content=\"614\"> <meta itemprop=\"height\" content=\"719\"> <img decoding=\"async\" class=\"\" data-attachment-id=\"71\" data-orig-file=\"https:\/\/ra-oul.eu\/wp-content\/uploads\/2016\/03\/10_Die-Sch\u00f6nheit.jpg\" data-orig-size=\"1453,1700\" data-comments-opened=\"1\" data-image-meta=\"{&quot;aperture&quot;:&quot;0&quot;,&quot;credit&quot;:&quot;&quot;,&quot;camera&quot;:&quot;&quot;,&quot;caption&quot;:&quot;&quot;,&quot;created_timestamp&quot;:&quot;0&quot;,&quot;copyright&quot;:&quot;&quot;,&quot;focal_length&quot;:&quot;0&quot;,&quot;iso&quot;:&quot;0&quot;,&quot;shutter_speed&quot;:&quot;0&quot;,&quot;title&quot;:&quot;&quot;,&quot;orientation&quot;:&quot;1&quot;}\" data-image-title=\"10_Die Weltanschauung\" data-image-description=\"&lt;p&gt;Hautleim, Caparol, Bronzepigment, Kunstharzlack, Graphit, Harz\u00f6l auf Nessel \u2013 200 x 170 cm (2-teilig)&lt;\/p&gt; \" data-medium-file=\"https:\/\/ra-oul.eu\/wp-content\/uploads\/2016\/03\/10_Die-Sch\u00f6nheit-256x300.jpg\" data-large-file=\"https:\/\/ra-oul.eu\/wp-content\/uploads\/2016\/03\/10_Die-Sch\u00f6nheit-1453x1700.jpg\" src=\"https:\/\/i0.wp.com\/ra-oul.eu\/wp-content\/uploads\/2016\/03\/10_Die-Sch\u00f6nheit.jpg?w=614&#038;h=719&#038;ssl=1\" srcset=\"https:\/\/ra-oul.eu\/wp-content\/uploads\/2016\/03\/10_Die-Sch\u00f6nheit.jpg 1453w, https:\/\/ra-oul.eu\/wp-content\/uploads\/2016\/03\/10_Die-Sch\u00f6nheit-256x300.jpg 256w\" width=\"614\" height=\"719\" loading=\"lazy\" data-original-width=\"614\" data-original-height=\"719\" itemprop=\"http:\/\/schema.org\/image\" title=\"10_Die Weltanschauung\" alt=\"Titel: Die Weltanschauung (aus der Serie &quot;Schautafeln&quot;)\" style=\"width: 614px; height: 719px;\" \/> <\/a> <div class=\"tiled-gallery-caption\" itemprop=\"caption description\"> Die Weltanschauung (aus der Serie &#8222;Schautafeln&#8220;) <\/div> <\/div> <\/div> <!-- close group --> <\/div> <!-- close row --> <div class=\"gallery-row\" style=\"width: 1170px; height: 170px;\" data-original-width=\"1170\" data-original-height=\"170\" > <div class=\"gallery-group images-1\" style=\"width: 1170px; height: 170px;\" data-original-width=\"1170\" data-original-height=\"170\" > <div class=\"tiled-gallery-item tiled-gallery-item-large\" itemprop=\"associatedMedia\" itemscope itemtype=\"http:\/\/schema.org\/ImageObject\"> <a href=\"https:\/\/ra-oul.eu\/?attachment_id=72\" border=\"0\" itemprop=\"url\"> <meta itemprop=\"width\" content=\"1166\"> <meta itemprop=\"height\" content=\"166\"> <img decoding=\"async\" class=\"\" data-attachment-id=\"72\" data-orig-file=\"https:\/\/ra-oul.eu\/wp-content\/uploads\/2016\/03\/11_Die-Produktion.jpg\" data-orig-size=\"1700,242\" data-comments-opened=\"1\" data-image-meta=\"{&quot;aperture&quot;:&quot;0&quot;,&quot;credit&quot;:&quot;&quot;,&quot;camera&quot;:&quot;&quot;,&quot;caption&quot;:&quot;&quot;,&quot;created_timestamp&quot;:&quot;0&quot;,&quot;copyright&quot;:&quot;&quot;,&quot;focal_length&quot;:&quot;0&quot;,&quot;iso&quot;:&quot;0&quot;,&quot;shutter_speed&quot;:&quot;0&quot;,&quot;title&quot;:&quot;&quot;,&quot;orientation&quot;:&quot;1&quot;}\" data-image-title=\"11_Das Humankapital\" data-image-description=\"&lt;p&gt;Hautleim, Caparol, Kreide, Kohle-\/Buntstifte, Harz\u00f6l auf Nessel \u2013 90 x 630 cm (3-teilig)&lt;\/p&gt; \" data-medium-file=\"https:\/\/ra-oul.eu\/wp-content\/uploads\/2016\/03\/11_Die-Produktion-300x43.jpg\" data-large-file=\"https:\/\/ra-oul.eu\/wp-content\/uploads\/2016\/03\/11_Die-Produktion-1700x242.jpg\" src=\"https:\/\/i0.wp.com\/ra-oul.eu\/wp-content\/uploads\/2016\/03\/11_Die-Produktion.jpg?w=1166&#038;h=166&#038;ssl=1\" srcset=\"https:\/\/ra-oul.eu\/wp-content\/uploads\/2016\/03\/11_Die-Produktion.jpg 1700w, https:\/\/ra-oul.eu\/wp-content\/uploads\/2016\/03\/11_Die-Produktion-300x43.jpg 300w\" width=\"1166\" height=\"166\" loading=\"lazy\" data-original-width=\"1166\" data-original-height=\"166\" itemprop=\"http:\/\/schema.org\/image\" title=\"11_Das Humankapital\" alt=\"Titel: Das Humankapital (aus der Serie &quot;Schautafeln&quot;)\" style=\"width: 1166px; height: 166px;\" \/> <\/a> <div class=\"tiled-gallery-caption\" itemprop=\"caption description\"> Das Humankapital (aus der Serie &#8222;Schautafeln&#8220;) <\/div> <\/div> <\/div> <!-- close group --> <\/div> <!-- close row --> <div class=\"gallery-row\" style=\"width: 1170px; height: 371px;\" data-original-width=\"1170\" data-original-height=\"371\" > <div class=\"gallery-group images-1\" style=\"width: 280px; height: 371px;\" data-original-width=\"280\" data-original-height=\"371\" > <div class=\"tiled-gallery-item tiled-gallery-item-large\" itemprop=\"associatedMedia\" itemscope itemtype=\"http:\/\/schema.org\/ImageObject\"> <a href=\"https:\/\/ra-oul.eu\/?attachment_id=73\" border=\"0\" itemprop=\"url\"> <meta itemprop=\"width\" content=\"276\"> <meta itemprop=\"height\" content=\"367\"> <img decoding=\"async\" class=\"\" data-attachment-id=\"73\" data-orig-file=\"https:\/\/ra-oul.eu\/wp-content\/uploads\/2016\/03\/12_Die-Ideologie.jpg\" data-orig-size=\"1279,1700\" data-comments-opened=\"1\" data-image-meta=\"{&quot;aperture&quot;:&quot;0&quot;,&quot;credit&quot;:&quot;&quot;,&quot;camera&quot;:&quot;&quot;,&quot;caption&quot;:&quot;&quot;,&quot;created_timestamp&quot;:&quot;0&quot;,&quot;copyright&quot;:&quot;&quot;,&quot;focal_length&quot;:&quot;0&quot;,&quot;iso&quot;:&quot;0&quot;,&quot;shutter_speed&quot;:&quot;0&quot;,&quot;title&quot;:&quot;&quot;,&quot;orientation&quot;:&quot;1&quot;}\" data-image-title=\"12_Die Ideologie\" data-image-description=\"&lt;p&gt;Hautleim, Papier, Pigment, Acrylklar-\/Acrylspr\u00fchlack, Alkydharz auf Nessel \u2013 145 x 110 cm&lt;\/p&gt; \" data-medium-file=\"https:\/\/ra-oul.eu\/wp-content\/uploads\/2016\/03\/12_Die-Ideologie-226x300.jpg\" data-large-file=\"https:\/\/ra-oul.eu\/wp-content\/uploads\/2016\/03\/12_Die-Ideologie-1279x1700.jpg\" src=\"https:\/\/i0.wp.com\/ra-oul.eu\/wp-content\/uploads\/2016\/03\/12_Die-Ideologie.jpg?w=276&#038;h=367&#038;ssl=1\" srcset=\"https:\/\/ra-oul.eu\/wp-content\/uploads\/2016\/03\/12_Die-Ideologie.jpg 1279w, https:\/\/ra-oul.eu\/wp-content\/uploads\/2016\/03\/12_Die-Ideologie-226x300.jpg 226w\" width=\"276\" height=\"367\" loading=\"lazy\" data-original-width=\"276\" data-original-height=\"367\" itemprop=\"http:\/\/schema.org\/image\" title=\"12_Die Ideologie\" alt=\"Titel: Die Ideologie (aus der Serie &quot;Schautafeln&quot;)\" style=\"width: 276px; height: 367px;\" \/> <\/a> <div class=\"tiled-gallery-caption\" itemprop=\"caption description\"> Die Ideologie (aus der Serie &#8222;Schautafeln&#8220;) <\/div> <\/div> <\/div> <!-- close group --> <div class=\"gallery-group images-1\" style=\"width: 281px; height: 371px;\" data-original-width=\"281\" data-original-height=\"371\" > <div class=\"tiled-gallery-item tiled-gallery-item-large\" itemprop=\"associatedMedia\" itemscope itemtype=\"http:\/\/schema.org\/ImageObject\"> <a href=\"https:\/\/ra-oul.eu\/?attachment_id=74\" border=\"0\" itemprop=\"url\"> <meta itemprop=\"width\" content=\"277\"> <meta itemprop=\"height\" content=\"367\"> <img decoding=\"async\" class=\"\" data-attachment-id=\"74\" data-orig-file=\"https:\/\/ra-oul.eu\/wp-content\/uploads\/2016\/03\/13_Der-Apparat.jpg\" data-orig-size=\"1282,1700\" data-comments-opened=\"1\" data-image-meta=\"{&quot;aperture&quot;:&quot;0&quot;,&quot;credit&quot;:&quot;&quot;,&quot;camera&quot;:&quot;&quot;,&quot;caption&quot;:&quot;&quot;,&quot;created_timestamp&quot;:&quot;0&quot;,&quot;copyright&quot;:&quot;&quot;,&quot;focal_length&quot;:&quot;0&quot;,&quot;iso&quot;:&quot;0&quot;,&quot;shutter_speed&quot;:&quot;0&quot;,&quot;title&quot;:&quot;&quot;,&quot;orientation&quot;:&quot;1&quot;}\" data-image-title=\"13_Die Hierarchie\" data-image-description=\"&lt;p&gt;Hautleim, Papier, Pigment, Acrylklar-\/Acrylspr\u00fchlack, Alkydharz auf Nessel \u2013 145 x 110 cm&lt;\/p&gt; \" data-medium-file=\"https:\/\/ra-oul.eu\/wp-content\/uploads\/2016\/03\/13_Der-Apparat-226x300.jpg\" data-large-file=\"https:\/\/ra-oul.eu\/wp-content\/uploads\/2016\/03\/13_Der-Apparat-1282x1700.jpg\" src=\"https:\/\/i0.wp.com\/ra-oul.eu\/wp-content\/uploads\/2016\/03\/13_Der-Apparat.jpg?w=277&#038;h=367&#038;ssl=1\" srcset=\"https:\/\/ra-oul.eu\/wp-content\/uploads\/2016\/03\/13_Der-Apparat.jpg 1282w, https:\/\/ra-oul.eu\/wp-content\/uploads\/2016\/03\/13_Der-Apparat-226x300.jpg 226w\" width=\"277\" height=\"367\" loading=\"lazy\" data-original-width=\"277\" data-original-height=\"367\" itemprop=\"http:\/\/schema.org\/image\" title=\"13_Die Hierarchie\" alt=\"Titel: Die Hierarchie (aus der Serie &quot;Schautafeln&quot;)\" style=\"width: 277px; height: 367px;\" \/> <\/a> <div class=\"tiled-gallery-caption\" itemprop=\"caption description\"> Die Hierarchie (aus der Serie &#8222;Schautafeln&#8220;) <\/div> <\/div> <\/div> <!-- close group --> <div class=\"gallery-group images-1\" style=\"width: 285px; height: 371px;\" data-original-width=\"285\" data-original-height=\"371\" > <div class=\"tiled-gallery-item tiled-gallery-item-large\" itemprop=\"associatedMedia\" itemscope itemtype=\"http:\/\/schema.org\/ImageObject\"> <a href=\"https:\/\/ra-oul.eu\/?attachment_id=75\" border=\"0\" itemprop=\"url\"> <meta itemprop=\"width\" content=\"281\"> <meta itemprop=\"height\" content=\"367\"> <img decoding=\"async\" class=\"\" data-attachment-id=\"75\" data-orig-file=\"https:\/\/ra-oul.eu\/wp-content\/uploads\/2016\/03\/14_Die-Fleischwerdung.jpg\" data-orig-size=\"1299,1700\" data-comments-opened=\"1\" data-image-meta=\"{&quot;aperture&quot;:&quot;0&quot;,&quot;credit&quot;:&quot;&quot;,&quot;camera&quot;:&quot;&quot;,&quot;caption&quot;:&quot;&quot;,&quot;created_timestamp&quot;:&quot;0&quot;,&quot;copyright&quot;:&quot;&quot;,&quot;focal_length&quot;:&quot;0&quot;,&quot;iso&quot;:&quot;0&quot;,&quot;shutter_speed&quot;:&quot;0&quot;,&quot;title&quot;:&quot;&quot;,&quot;orientation&quot;:&quot;1&quot;}\" data-image-title=\"14_Die Fleischwerdung\" data-image-description=\"&lt;p&gt;Hautleim, Papier, Pigment, Acrylklar-\/Acrylspr\u00fchlack, Alkydharz auf Nessel \u2013 145 x 110 cm&lt;\/p&gt; \" data-medium-file=\"https:\/\/ra-oul.eu\/wp-content\/uploads\/2016\/03\/14_Die-Fleischwerdung-229x300.jpg\" data-large-file=\"https:\/\/ra-oul.eu\/wp-content\/uploads\/2016\/03\/14_Die-Fleischwerdung-1299x1700.jpg\" src=\"https:\/\/i0.wp.com\/ra-oul.eu\/wp-content\/uploads\/2016\/03\/14_Die-Fleischwerdung.jpg?w=281&#038;h=367&#038;ssl=1\" srcset=\"https:\/\/ra-oul.eu\/wp-content\/uploads\/2016\/03\/14_Die-Fleischwerdung.jpg 1299w, https:\/\/ra-oul.eu\/wp-content\/uploads\/2016\/03\/14_Die-Fleischwerdung-229x300.jpg 229w\" width=\"281\" height=\"367\" loading=\"lazy\" data-original-width=\"281\" data-original-height=\"367\" itemprop=\"http:\/\/schema.org\/image\" title=\"14_Die Fleischwerdung\" alt=\"Titel: Die Fleischwerdung (aus der Serie &quot;Schautafeln&quot;)\" style=\"width: 281px; height: 367px;\" \/> <\/a> <div class=\"tiled-gallery-caption\" itemprop=\"caption description\"> Die Fleischwerdung (aus der Serie &#8222;Schautafeln&#8220;) <\/div> <\/div> <\/div> <!-- close group --> <div class=\"gallery-group images-1\" style=\"width: 324px; height: 371px;\" data-original-width=\"324\" data-original-height=\"371\" > <div class=\"tiled-gallery-item tiled-gallery-item-large\" itemprop=\"associatedMedia\" itemscope itemtype=\"http:\/\/schema.org\/ImageObject\"> <a href=\"https:\/\/ra-oul.eu\/?attachment_id=76\" border=\"0\" itemprop=\"url\"> <meta itemprop=\"width\" content=\"320\"> <meta itemprop=\"height\" content=\"367\"> <img decoding=\"async\" class=\"\" data-attachment-id=\"76\" data-orig-file=\"https:\/\/ra-oul.eu\/wp-content\/uploads\/2016\/03\/15_Der-Organismus.jpg\" data-orig-size=\"1483,1700\" data-comments-opened=\"1\" data-image-meta=\"{&quot;aperture&quot;:&quot;0&quot;,&quot;credit&quot;:&quot;&quot;,&quot;camera&quot;:&quot;&quot;,&quot;caption&quot;:&quot;&quot;,&quot;created_timestamp&quot;:&quot;0&quot;,&quot;copyright&quot;:&quot;&quot;,&quot;focal_length&quot;:&quot;0&quot;,&quot;iso&quot;:&quot;0&quot;,&quot;shutter_speed&quot;:&quot;0&quot;,&quot;title&quot;:&quot;&quot;,&quot;orientation&quot;:&quot;1&quot;}\" data-image-title=\"15_Die Reproduktion\" data-image-description=\"&lt;p&gt;Hautleim, Kreide, Kasein, Gold- und Farbpigment, Caparol auf Nessel \u2013 216 x 192 cm (3-teilig)&lt;\/p&gt; \" data-medium-file=\"https:\/\/ra-oul.eu\/wp-content\/uploads\/2016\/03\/15_Der-Organismus-262x300.jpg\" data-large-file=\"https:\/\/ra-oul.eu\/wp-content\/uploads\/2016\/03\/15_Der-Organismus-1483x1700.jpg\" src=\"https:\/\/i0.wp.com\/ra-oul.eu\/wp-content\/uploads\/2016\/03\/15_Der-Organismus.jpg?w=320&#038;h=367&#038;ssl=1\" srcset=\"https:\/\/ra-oul.eu\/wp-content\/uploads\/2016\/03\/15_Der-Organismus.jpg 1483w, https:\/\/ra-oul.eu\/wp-content\/uploads\/2016\/03\/15_Der-Organismus-262x300.jpg 262w\" width=\"320\" height=\"367\" loading=\"lazy\" data-original-width=\"320\" data-original-height=\"367\" itemprop=\"http:\/\/schema.org\/image\" title=\"15_Die Reproduktion\" alt=\"Titel: Die Reproduktion (aus der Serie &quot;Schautafeln&quot;)\" style=\"width: 320px; height: 367px;\" \/> <\/a> <div class=\"tiled-gallery-caption\" itemprop=\"caption description\"> Die Reproduktion (aus der Serie &#8222;Schautafeln&#8220;) <\/div> <\/div> <\/div> <!-- close group --> <\/div> <!-- close row --> <div class=\"gallery-row\" style=\"width: 1170px; height: 258px;\" data-original-width=\"1170\" data-original-height=\"258\" > <div class=\"gallery-group images-1\" style=\"width: 406px; height: 258px;\" data-original-width=\"406\" data-original-height=\"258\" > <div class=\"tiled-gallery-item tiled-gallery-item-large\" itemprop=\"associatedMedia\" itemscope itemtype=\"http:\/\/schema.org\/ImageObject\"> <a href=\"https:\/\/ra-oul.eu\/?attachment_id=77\" border=\"0\" itemprop=\"url\"> <meta itemprop=\"width\" content=\"402\"> <meta itemprop=\"height\" content=\"254\"> <img decoding=\"async\" class=\"\" data-attachment-id=\"77\" data-orig-file=\"https:\/\/ra-oul.eu\/wp-content\/uploads\/2016\/03\/16_Das-Urbild.jpg\" data-orig-size=\"1700,1073\" data-comments-opened=\"1\" data-image-meta=\"{&quot;aperture&quot;:&quot;0&quot;,&quot;credit&quot;:&quot;&quot;,&quot;camera&quot;:&quot;&quot;,&quot;caption&quot;:&quot;&quot;,&quot;created_timestamp&quot;:&quot;0&quot;,&quot;copyright&quot;:&quot;&quot;,&quot;focal_length&quot;:&quot;0&quot;,&quot;iso&quot;:&quot;0&quot;,&quot;shutter_speed&quot;:&quot;0&quot;,&quot;title&quot;:&quot;&quot;,&quot;orientation&quot;:&quot;1&quot;}\" data-image-title=\"16_Das Urbild\" data-image-description=\"&lt;p&gt;Hautleim, Kasein, Papier, Graphit, Pigment, Klar-\/Spr\u00fchlack auf Nessel \u2013 120 x 190 cm&lt;\/p&gt; \" data-medium-file=\"https:\/\/ra-oul.eu\/wp-content\/uploads\/2016\/03\/16_Das-Urbild-300x189.jpg\" data-large-file=\"https:\/\/ra-oul.eu\/wp-content\/uploads\/2016\/03\/16_Das-Urbild-1700x1073.jpg\" src=\"https:\/\/i0.wp.com\/ra-oul.eu\/wp-content\/uploads\/2016\/03\/16_Das-Urbild.jpg?w=402&#038;h=254&#038;ssl=1\" srcset=\"https:\/\/ra-oul.eu\/wp-content\/uploads\/2016\/03\/16_Das-Urbild.jpg 1700w, https:\/\/ra-oul.eu\/wp-content\/uploads\/2016\/03\/16_Das-Urbild-300x189.jpg 300w\" width=\"402\" height=\"254\" loading=\"lazy\" data-original-width=\"402\" data-original-height=\"254\" itemprop=\"http:\/\/schema.org\/image\" title=\"16_Das Urbild\" alt=\"Titel: Das Urbild (aus der Serie &quot;Schautafeln&quot;)\" style=\"width: 402px; height: 254px;\" \/> <\/a> <div class=\"tiled-gallery-caption\" itemprop=\"caption description\"> Das Urbild (aus der Serie &#8222;Schautafeln&#8220;) <\/div> <\/div> <\/div> <!-- close group --> <div class=\"gallery-group images-1\" style=\"width: 764px; height: 258px;\" data-original-width=\"764\" data-original-height=\"258\" > <div class=\"tiled-gallery-item tiled-gallery-item-large\" itemprop=\"associatedMedia\" itemscope itemtype=\"http:\/\/schema.org\/ImageObject\"> <a href=\"https:\/\/ra-oul.eu\/?attachment_id=78\" border=\"0\" itemprop=\"url\"> <meta itemprop=\"width\" content=\"760\"> <meta itemprop=\"height\" content=\"254\"> <img decoding=\"async\" class=\"\" data-attachment-id=\"78\" data-orig-file=\"https:\/\/ra-oul.eu\/wp-content\/uploads\/2016\/03\/17_Die-K\u00f6rpersprache.jpg\" data-orig-size=\"1700,567\" data-comments-opened=\"1\" data-image-meta=\"{&quot;aperture&quot;:&quot;0&quot;,&quot;credit&quot;:&quot;&quot;,&quot;camera&quot;:&quot;&quot;,&quot;caption&quot;:&quot;&quot;,&quot;created_timestamp&quot;:&quot;0&quot;,&quot;copyright&quot;:&quot;&quot;,&quot;focal_length&quot;:&quot;0&quot;,&quot;iso&quot;:&quot;0&quot;,&quot;shutter_speed&quot;:&quot;0&quot;,&quot;title&quot;:&quot;&quot;,&quot;orientation&quot;:&quot;1&quot;}\" data-image-title=\"17_Die K\u00f6rpersprache\" data-image-description=\"&lt;p&gt;Hautleim, Caparol, Kunstharzlack, Kasein, Graphit, Pigment auf Nessel \u2013 160 x 460 cm (3-teilig)&lt;\/p&gt; \" data-medium-file=\"https:\/\/ra-oul.eu\/wp-content\/uploads\/2016\/03\/17_Die-K\u00f6rpersprache-300x100.jpg\" data-large-file=\"https:\/\/ra-oul.eu\/wp-content\/uploads\/2016\/03\/17_Die-K\u00f6rpersprache-1700x567.jpg\" src=\"https:\/\/i0.wp.com\/ra-oul.eu\/wp-content\/uploads\/2016\/03\/17_Die-K\u00f6rpersprache.jpg?w=760&#038;h=254&#038;ssl=1\" srcset=\"https:\/\/ra-oul.eu\/wp-content\/uploads\/2016\/03\/17_Die-K\u00f6rpersprache.jpg 1700w, https:\/\/ra-oul.eu\/wp-content\/uploads\/2016\/03\/17_Die-K\u00f6rpersprache-300x100.jpg 300w\" width=\"760\" height=\"254\" loading=\"lazy\" data-original-width=\"760\" data-original-height=\"254\" itemprop=\"http:\/\/schema.org\/image\" title=\"17_Die K\u00f6rpersprache\" alt=\"Titel: Die K\u00f6rpersprache (aus der Serie &quot;Schautafeln&quot;)\" style=\"width: 760px; height: 254px;\" \/> <\/a> <div class=\"tiled-gallery-caption\" itemprop=\"caption description\"> Die K\u00f6rpersprache (aus der Serie &#8222;Schautafeln&#8220;) <\/div> <\/div> <\/div> <!-- close group --> <\/div> <!-- close row --> <div class=\"gallery-row\" style=\"width: 1170px; height: 450px;\" data-original-width=\"1170\" data-original-height=\"450\" > <div class=\"gallery-group images-1\" style=\"width: 820px; height: 450px;\" data-original-width=\"820\" data-original-height=\"450\" > <div class=\"tiled-gallery-item tiled-gallery-item-large\" itemprop=\"associatedMedia\" itemscope itemtype=\"http:\/\/schema.org\/ImageObject\"> <a href=\"https:\/\/ra-oul.eu\/?attachment_id=79\" border=\"0\" itemprop=\"url\"> <meta itemprop=\"width\" content=\"816\"> <meta itemprop=\"height\" content=\"446\"> <img decoding=\"async\" class=\"\" data-attachment-id=\"79\" data-orig-file=\"https:\/\/ra-oul.eu\/wp-content\/uploads\/2016\/03\/18_Die-Selbsterhaltung.jpg\" data-orig-size=\"1700,929\" data-comments-opened=\"1\" data-image-meta=\"{&quot;aperture&quot;:&quot;0&quot;,&quot;credit&quot;:&quot;&quot;,&quot;camera&quot;:&quot;&quot;,&quot;caption&quot;:&quot;&quot;,&quot;created_timestamp&quot;:&quot;0&quot;,&quot;copyright&quot;:&quot;&quot;,&quot;focal_length&quot;:&quot;0&quot;,&quot;iso&quot;:&quot;0&quot;,&quot;shutter_speed&quot;:&quot;0&quot;,&quot;title&quot;:&quot;&quot;,&quot;orientation&quot;:&quot;1&quot;}\" data-image-title=\"18_Die Selbsterhaltung\" data-image-description=\"&lt;p&gt;Alkydharz, Pigment auf Nessel \u2013 100 x 210 cm&lt;\/p&gt; \" data-medium-file=\"https:\/\/ra-oul.eu\/wp-content\/uploads\/2016\/03\/18_Die-Selbsterhaltung-300x164.jpg\" data-large-file=\"https:\/\/ra-oul.eu\/wp-content\/uploads\/2016\/03\/18_Die-Selbsterhaltung-1700x929.jpg\" src=\"https:\/\/i0.wp.com\/ra-oul.eu\/wp-content\/uploads\/2016\/03\/18_Die-Selbsterhaltung.jpg?w=816&#038;h=446&#038;ssl=1\" srcset=\"https:\/\/ra-oul.eu\/wp-content\/uploads\/2016\/03\/18_Die-Selbsterhaltung.jpg 1700w, https:\/\/ra-oul.eu\/wp-content\/uploads\/2016\/03\/18_Die-Selbsterhaltung-300x164.jpg 300w\" width=\"816\" height=\"446\" loading=\"lazy\" data-original-width=\"816\" data-original-height=\"446\" itemprop=\"http:\/\/schema.org\/image\" title=\"18_Die Selbsterhaltung\" alt=\"Titel: Die Selbsterhaltung (aus der Serie &quot;Schautafeln&quot;)\" style=\"width: 816px; height: 446px;\" \/> <\/a> <div class=\"tiled-gallery-caption\" itemprop=\"caption description\"> Die Selbsterhaltung (aus der Serie &#8222;Schautafeln&#8220;) <\/div> <\/div> <\/div> <!-- close group --> <div class=\"gallery-group images-1\" style=\"width: 350px; height: 450px;\" data-original-width=\"350\" data-original-height=\"450\" > <div class=\"tiled-gallery-item tiled-gallery-item-large\" itemprop=\"associatedMedia\" itemscope itemtype=\"http:\/\/schema.org\/ImageObject\"> <a href=\"https:\/\/ra-oul.eu\/?attachment_id=80\" border=\"0\" itemprop=\"url\"> <meta itemprop=\"width\" content=\"346\"> <meta itemprop=\"height\" content=\"446\"> <img decoding=\"async\" class=\"\" data-attachment-id=\"80\" data-orig-file=\"https:\/\/ra-oul.eu\/wp-content\/uploads\/2016\/03\/19_Die-Allegorie.jpg\" data-orig-size=\"1319,1700\" data-comments-opened=\"1\" data-image-meta=\"{&quot;aperture&quot;:&quot;0&quot;,&quot;credit&quot;:&quot;&quot;,&quot;camera&quot;:&quot;&quot;,&quot;caption&quot;:&quot;&quot;,&quot;created_timestamp&quot;:&quot;0&quot;,&quot;copyright&quot;:&quot;&quot;,&quot;focal_length&quot;:&quot;0&quot;,&quot;iso&quot;:&quot;0&quot;,&quot;shutter_speed&quot;:&quot;0&quot;,&quot;title&quot;:&quot;&quot;,&quot;orientation&quot;:&quot;1&quot;}\" data-image-title=\"19_Die Allegorie\" data-image-description=\"&lt;p&gt;Alkydharz, Silber-\/Bronze-\/Goldpigment, Harz\u00f6l auf Holz \u2013 128,5 x 96 cm (3-teilig)&lt;\/p&gt; \" data-medium-file=\"https:\/\/ra-oul.eu\/wp-content\/uploads\/2016\/03\/19_Die-Allegorie-233x300.jpg\" data-large-file=\"https:\/\/ra-oul.eu\/wp-content\/uploads\/2016\/03\/19_Die-Allegorie-1319x1700.jpg\" src=\"https:\/\/i0.wp.com\/ra-oul.eu\/wp-content\/uploads\/2016\/03\/19_Die-Allegorie.jpg?w=346&#038;h=446&#038;ssl=1\" srcset=\"https:\/\/ra-oul.eu\/wp-content\/uploads\/2016\/03\/19_Die-Allegorie.jpg 1319w, https:\/\/ra-oul.eu\/wp-content\/uploads\/2016\/03\/19_Die-Allegorie-233x300.jpg 233w\" width=\"346\" height=\"446\" loading=\"lazy\" data-original-width=\"346\" data-original-height=\"446\" itemprop=\"http:\/\/schema.org\/image\" title=\"19_Die Allegorie\" alt=\"Titel: Die Allegorie (aus der Serie &quot;Schautafeln&quot;)\" style=\"width: 346px; height: 446px;\" \/> <\/a> <div class=\"tiled-gallery-caption\" itemprop=\"caption description\"> Die Allegorie (aus der Serie &#8222;Schautafeln&#8220;) <\/div> <\/div> <\/div> <!-- close group --> <\/div> <!-- close row --> <div class=\"gallery-row\" style=\"width: 1170px; height: 218px;\" data-original-width=\"1170\" data-original-height=\"218\" > <div class=\"gallery-group images-1\" style=\"width: 803px; height: 218px;\" data-original-width=\"803\" data-original-height=\"218\" > <div class=\"tiled-gallery-item tiled-gallery-item-large\" itemprop=\"associatedMedia\" itemscope itemtype=\"http:\/\/schema.org\/ImageObject\"> <a href=\"https:\/\/ra-oul.eu\/?attachment_id=81\" border=\"0\" itemprop=\"url\"> <meta itemprop=\"width\" content=\"799\"> <meta itemprop=\"height\" content=\"214\"> <img decoding=\"async\" class=\"\" data-attachment-id=\"81\" data-orig-file=\"https:\/\/ra-oul.eu\/wp-content\/uploads\/2016\/03\/20_Die-Reflexion.jpg\" data-orig-size=\"1700,456\" data-comments-opened=\"1\" data-image-meta=\"{&quot;aperture&quot;:&quot;0&quot;,&quot;credit&quot;:&quot;&quot;,&quot;camera&quot;:&quot;&quot;,&quot;caption&quot;:&quot;&quot;,&quot;created_timestamp&quot;:&quot;0&quot;,&quot;copyright&quot;:&quot;&quot;,&quot;focal_length&quot;:&quot;0&quot;,&quot;iso&quot;:&quot;0&quot;,&quot;shutter_speed&quot;:&quot;0&quot;,&quot;title&quot;:&quot;&quot;,&quot;orientation&quot;:&quot;1&quot;}\" data-image-title=\"20_Die Reflexion\" data-image-description=\"&lt;p&gt;Acryllack, Kreide, Hautleim auf r\u00fcckseitig gepr\u00e4gter Nessel \u2013 50 x 180 cm&lt;\/p&gt; \" data-medium-file=\"https:\/\/ra-oul.eu\/wp-content\/uploads\/2016\/03\/20_Die-Reflexion-300x80.jpg\" data-large-file=\"https:\/\/ra-oul.eu\/wp-content\/uploads\/2016\/03\/20_Die-Reflexion-1700x456.jpg\" src=\"https:\/\/i0.wp.com\/ra-oul.eu\/wp-content\/uploads\/2016\/03\/20_Die-Reflexion.jpg?w=799&#038;h=214&#038;ssl=1\" srcset=\"https:\/\/ra-oul.eu\/wp-content\/uploads\/2016\/03\/20_Die-Reflexion.jpg 1700w, https:\/\/ra-oul.eu\/wp-content\/uploads\/2016\/03\/20_Die-Reflexion-300x80.jpg 300w\" width=\"799\" height=\"214\" loading=\"lazy\" data-original-width=\"799\" data-original-height=\"214\" itemprop=\"http:\/\/schema.org\/image\" title=\"20_Die Reflexion\" alt=\"Titel: Die Reflexion (aus der Serie &quot;Schautafeln&quot;)\" style=\"width: 799px; height: 214px;\" \/> <\/a> <div class=\"tiled-gallery-caption\" itemprop=\"caption description\"> Die Reflexion (aus der Serie &#8222;Schautafeln&#8220;) <\/div> <\/div> <\/div> <!-- close group --> <div class=\"gallery-group images-1\" style=\"width: 367px; height: 218px;\" data-original-width=\"367\" data-original-height=\"218\" > <div class=\"tiled-gallery-item tiled-gallery-item-large\" itemprop=\"associatedMedia\" itemscope itemtype=\"http:\/\/schema.org\/ImageObject\"> <a href=\"https:\/\/ra-oul.eu\/?attachment_id=924\" border=\"0\" itemprop=\"url\"> <meta itemprop=\"width\" content=\"363\"> <meta itemprop=\"height\" content=\"214\"> <img decoding=\"async\" class=\"\" data-attachment-id=\"924\" data-orig-file=\"https:\/\/ra-oul.eu\/wp-content\/uploads\/2023\/08\/21_Das-Medium.jpg\" data-orig-size=\"1700,1003\" data-comments-opened=\"1\" data-image-meta=\"{&quot;aperture&quot;:&quot;11&quot;,&quot;credit&quot;:&quot;&quot;,&quot;camera&quot;:&quot;Canon EOS 5D Mark IV&quot;,&quot;caption&quot;:&quot;&quot;,&quot;created_timestamp&quot;:&quot;1657548623&quot;,&quot;copyright&quot;:&quot;&quot;,&quot;focal_length&quot;:&quot;47&quot;,&quot;iso&quot;:&quot;160&quot;,&quot;shutter_speed&quot;:&quot;0.2&quot;,&quot;title&quot;:&quot;&quot;,&quot;orientation&quot;:&quot;1&quot;}\" data-image-title=\"21_Das Medium\" data-image-description=\"&lt;p&gt;Acryl und \u00d6l auf Nessel \u2013 200 x 300 cm (2-teilig)&lt;\/p&gt; \" data-medium-file=\"https:\/\/ra-oul.eu\/wp-content\/uploads\/2023\/08\/21_Das-Medium-300x177.jpg\" data-large-file=\"https:\/\/ra-oul.eu\/wp-content\/uploads\/2023\/08\/21_Das-Medium.jpg\" src=\"https:\/\/i0.wp.com\/ra-oul.eu\/wp-content\/uploads\/2023\/08\/21_Das-Medium.jpg?w=363&#038;h=214&#038;ssl=1\" srcset=\"https:\/\/ra-oul.eu\/wp-content\/uploads\/2023\/08\/21_Das-Medium.jpg 1700w, https:\/\/ra-oul.eu\/wp-content\/uploads\/2023\/08\/21_Das-Medium-300x177.jpg 300w, https:\/\/ra-oul.eu\/wp-content\/uploads\/2023\/08\/21_Das-Medium-1536x906.jpg 1536w, https:\/\/ra-oul.eu\/wp-content\/uploads\/2023\/08\/21_Das-Medium-600x354.jpg 600w, https:\/\/ra-oul.eu\/wp-content\/uploads\/2023\/08\/21_Das-Medium-768x453.jpg 768w\" width=\"363\" height=\"214\" loading=\"lazy\" data-original-width=\"363\" data-original-height=\"214\" itemprop=\"http:\/\/schema.org\/image\" title=\"21_Das Medium\" alt=\"Titel: Das Medium (aus der Serie &quot;Schautafeln&quot;)\" style=\"width: 363px; height: 214px;\" \/> <\/a> <div class=\"tiled-gallery-caption\" itemprop=\"caption description\"> Das Medium (aus der Serie &#8222;Schautafeln&#8220;) <\/div> <\/div> <\/div> <!-- close group --> <\/div> <!-- close row --> <\/div>\n","protected":false},"excerpt":{"rendered":"<p>&nbsp;<\/p>\n","protected":false},"author":1,"featured_media":0,"parent":190,"menu_order":0,"comment_status":"closed","ping_status":"closed","template":"","meta":{"jetpack_post_was_ever_published":false,"footnotes":"","two_page_speed":{"previous_score":{"desktop_score":70,"desktop_tti":"1.7\u00a0","mobile_score":54,"mobile_tti":"8.6\u00a0","date":"05.02.2024 03:58:48 pm","status":"completed"},"current_score":{"desktop_score":88,"desktop_tti":"1.2\u00a0","mobile_score":63,"mobile_tti":"5.5\u00a0","date":"05.02.2024 04:00:29 pm","status":"completed"}}},"jetpack_sharing_enabled":true,"jetpack_shortlink":"https:\/\/wp.me\/P7nFgZ-37","jetpack-related-posts":[{"id":59,"url":"https:\/\/ra-oul.eu\/?page_id=59","url_meta":{"origin":193,"position":0},"title":"PUBLIKATIONEN","author":"Raoul Kaufer","date":"25. M\u00e4rz 2016","format":false,"excerpt":"","rel":"","context":"\u00c4hnlicher Beitrag","block_context":{"text":"\u00c4hnlicher Beitrag","link":""},"img":{"alt_text":"Titel: Die Reflexion (aus der Serie \"Schautafeln\")","src":"https:\/\/i0.wp.com\/ra-oul.eu\/wp-content\/uploads\/2016\/03\/20_Die-Reflexion.jpg?resize=350%2C200&ssl=1","width":350,"height":200,"srcset":"https:\/\/i0.wp.com\/ra-oul.eu\/wp-content\/uploads\/2016\/03\/20_Die-Reflexion.jpg?resize=350%2C200&ssl=1 1x, https:\/\/i0.wp.com\/ra-oul.eu\/wp-content\/uploads\/2016\/03\/20_Die-Reflexion.jpg?resize=525%2C300&ssl=1 1.5x, https:\/\/i0.wp.com\/ra-oul.eu\/wp-content\/uploads\/2016\/03\/20_Die-Reflexion.jpg?resize=700%2C400&ssl=1 2x, https:\/\/i0.wp.com\/ra-oul.eu\/wp-content\/uploads\/2016\/03\/20_Die-Reflexion.jpg?resize=1050%2C600&ssl=1 3x, https:\/\/i0.wp.com\/ra-oul.eu\/wp-content\/uploads\/2016\/03\/20_Die-Reflexion.jpg?resize=1400%2C800&ssl=1 4x"},"classes":[]}],"_links":{"self":[{"href":"https:\/\/ra-oul.eu\/index.php?rest_route=\/wp\/v2\/pages\/193"}],"collection":[{"href":"https:\/\/ra-oul.eu\/index.php?rest_route=\/wp\/v2\/pages"}],"about":[{"href":"https:\/\/ra-oul.eu\/index.php?rest_route=\/wp\/v2\/types\/page"}],"author":[{"embeddable":true,"href":"https:\/\/ra-oul.eu\/index.php?rest_route=\/wp\/v2\/users\/1"}],"replies":[{"embeddable":true,"href":"https:\/\/ra-oul.eu\/index.php?rest_route=%2Fwp%2Fv2%2Fcomments&post=193"}],"version-history":[{"count":5,"href":"https:\/\/ra-oul.eu\/index.php?rest_route=\/wp\/v2\/pages\/193\/revisions"}],"predecessor-version":[{"id":925,"href":"https:\/\/ra-oul.eu\/index.php?rest_route=\/wp\/v2\/pages\/193\/revisions\/925"}],"up":[{"embeddable":true,"href":"https:\/\/ra-oul.eu\/index.php?rest_route=\/wp\/v2\/pages\/190"}],"wp:attachment":[{"href":"https:\/\/ra-oul.eu\/index.php?rest_route=%2Fwp%2Fv2%2Fmedia&parent=193"}],"curies":[{"name":"wp","href":"https:\/\/api.w.org\/{rel}","templated":true}]}}